{"id":26938,"date":"2023-12-13T08:43:55","date_gmt":"2023-12-13T07:43:55","guid":{"rendered":"https:\/\/www.soroptimisteurope.org\/?post_type=projet&#038;p=26938"},"modified":"2025-05-16T12:49:42","modified_gmt":"2025-05-16T10:49:42","slug":"quest-ce-que-la-paix","status":"publish","type":"projet","link":"https:\/\/www.soroptimisteurope.org\/fr\/nos-projets\/quest-ce-que-la-paix\/","title":{"rendered":"Qu\u2019est-ce que la paix ?"},"content":{"rendered":"<p>La paix est un concept qui peut sembler tr\u00e8s abstrait aux enfants. Comment pouvons-nous la d\u00e9finir avec des mots concrets\u00a0? Peut-\u00eatre comme un \u00e9tat social de stabilit\u00e9 et d\u2019\u00e9quilibre, un \u00e9tat d\u2019unit\u00e9 harmonieuse entre diff\u00e9rentes parties, ou comme l\u2019absence de guerre, de violence et de troubles.<\/p>\n<p>Aujourd\u2019hui, nous sommes plus conscientes que jamais des avantages de la paix. Pour favoriser une coexistence pacifique, il est important que les enfants et adolescents int\u00e8grent ce concept le plus t\u00f4t possible.<\/p>\n<p>Les Soroptimist de Strasbourg ont lanc\u00e9 un projet autour du mot <strong>\u00ab<\/strong>\u00a0<strong>PAIX\u00a0\u00bb.<\/strong> Elles souhaitaient inciter la jeunesse locale \u00e0 r\u00e9fl\u00e9chir \u00e0 sa signification et aux questions cruciales qui y sont associ\u00e9es. Une r\u00e9flexion jug\u00e9e plus n\u00e9cessaire que jamais\u00a0!<\/p>\n<p>L\u2019initiative a exig\u00e9 un effort substantiel de la part des Soroptimist, qui ont fait le lien avec les autorit\u00e9s locales en mati\u00e8re d\u2019\u00e9ducation, les \u00e9coles et les parents afin d\u2019obtenir les autorisations n\u00e9cessaires.<\/p>\n<p>Cette d\u00e9termination a pay\u00e9. La question <strong><em>\u00ab\u00a0Que signifie pour vous le mot PAIX\u00a0?\u00a0\u00bb<\/em><\/strong> a \u00e9t\u00e9 pos\u00e9e \u00e0 plus de <strong>600\u00a0\u00e9l\u00e8ves de 23\u00a0classes en Alsace. <\/strong>Ces jeunes ont \u00e9t\u00e9 encourag\u00e9s \u00e0 exprimer leurs id\u00e9es sur la paix de diff\u00e9rentes mani\u00e8res, notamment avec des dessins, des tableaux, des po\u00e8mes, des chansons, des vid\u00e9os et des sketchs. <strong>Une commission de s\u00e9lection a \u00e9tudi\u00e9 avec soin toutes les participations, et a remis huit prix \u00e0 sept classes et \u00e0 un accueil p\u00e9riscolaire pour leurs remarquables contributions.<\/strong><\/p>\n<p>Le projet a \u00e9t\u00e9 couronn\u00e9 de succ\u00e8s et s\u2019est termin\u00e9 avec un \u00e9v\u00e9nement au cours duquel <strong>216\u00a0\u00e9l\u00e8ves ont \u00e9t\u00e9 accueillis <\/strong>\u00e0 la <a href=\"https:\/\/www.alsace.eu\/\"><strong>Collectivit\u00e9 europ\u00e9enne d&rsquo;Alsace<\/strong><\/a><strong>,<\/strong> qui a gentiment mis ses locaux \u00e0 disposition. Les travaux produits \u00e9taient tous de grande qualit\u00e9 et certains \u00e9taient particuli\u00e8rement touchants.<\/p>\n<p>Un buffet et une repr\u00e9sentation \u00e9taient pr\u00e9vus pour l\u2019occasion, et les gagnants ont aussi \u00e9t\u00e9 r\u00e9compens\u00e9s par des livres, des bons d\u2019achat et des places de spectacle.<\/p>\n<p>La paix garantit l\u2019harmonie personnelle et sociale. Elle cr\u00e9e un environnement propice <strong>\u00e0<\/strong> <strong>la<\/strong> <strong>pr\u00e9vention de la violence et \u00e0 la r\u00e9solution pacifique des conflits<\/strong><strong>,<\/strong> \u00e0 travers des outils tels que le dialogue. C\u2019est pourquoi toutes les activit\u00e9s en lien avec la paix sont si importantes, et tout particuli\u00e8rement celles qui mettent l\u2019accent sur <strong>l\u2019\u00e9ducation<\/strong> au sujet des valeurs, qui est fondamentale pour avancer vers une soci\u00e9t\u00e9 de plus en plus harmonieuse, \u00e9quitable et paisible.<\/p>\n","protected":false},"excerpt":{"rendered":"<p>La paix est un concept qui peut sembler tr\u00e8s abstrait aux enfants. Comment pouvons-nous la d\u00e9finir avec des mots concrets\u00a0? Peut-\u00eatre comme un \u00e9tat social de stabilit\u00e9 et d\u2019\u00e9quilibre, un [&hellip;]<\/p>\n","protected":false},"featured_media":26814,"template":"","categories":[121],"class_list":["post-26938","projet","type-projet","status-publish","has-post-thumbnail","hentry","category-education-fr"],"acf":{"projet_autres_projets":false,"projet_clubs":false,"projet_documents":false,"projet_femmes_aidees_nombre":"","projet_galerie":false,"projet_localisation":{"address":"Strasbourg","lat":48.5734053,"lng":7.752111299999999,"zoom":14,"place_id":"ChIJwbIYXknIlkcRHyTnGDFIGpc","city":"Strasbourg","state":"Grand Est","country":"France","country_short":"FR"},"projet_temoignage":false,"projet_chapeau":"","projet_pays":"France","projet_ville":"Strasbourg","projet_femmes_aidees_legende":"","projet_argent recolte_montant":"","projet_argent_recolte_legende":"","projet_statut":"project_completed","projet_theme":{"ID":815,"post_author":"1","post_date":"2016-08-05 16:59:20","post_date_gmt":"2016-08-05 15:59:20","post_content":"L\u2019 \u00e9ducation permet aussi aux femmes et aux filles d\u2019acc\u00e9der \u00e0 la formation continue et constitue l\u2019un des moyens d\u2019\u00e9liminer et de rem\u00e9dier \u00e0 la violence \u00e0 l\u2019\u00e9gard des femmes. Les Soroptimist mettent en oeuvre des milliers de projets qui permettent de parfaire un cursus\u00a0et de poursuivre un enseignement\u00a0professionnel. Par ailleurs, le Soroptimist International d\u2019Europe octroie chaque ann\u00e9e quelques 1600 bourses d\u2019\u00e9tudes \u00e0 des femmes et des filles.\r\n\r\nPour\u00a0nos id\u00e9es d'action pour l'\u00e9ducation,\r\n<a href=\"http:\/\/www.soroptimisteurope.org\/wp-content\/uploads\/2016\/11\/theme-education-shopping-list-fr.pdf\" target=\"_blank\" rel=\"noopener noreferrer\">cliquez ici<\/a>\r\n\r\n&nbsp;","post_title":"Education","post_excerpt":"L'\u00e9ducation donne aux femmes et aux filles les moyens de r\u00e9aliser leur potentiel et de devenir autonomes.","post_status":"publish","comment_status":"closed","ping_status":"closed","post_password":"","post_name":"education","to_ping":"","pinged":"","post_modified":"2024-09-25 10:14:24","post_modified_gmt":"2024-09-25 09:14:24","post_content_filtered":"","post_parent":0,"guid":"http:\/\/www.soroptimisteurope.org\/fr\/?post_type=programme&#038;p=815","menu_order":0,"post_type":"programme","post_mime_type":"","comment_count":"0","filter":"raw"}},"yoast_head":"<!-- This site is optimized with the Yoast SEO plugin v27.5 - https:\/\/yoast.com\/product\/yoast-seo-wordpress\/ -->\n<title>Qu\u2019est-ce que la paix ? - Soroptimist<\/title>\n<meta name=\"robots\" content=\"index, follow, max-snippet:-1, max-image-preview:large, max-video-preview:-1\" \/>\n<link rel=\"canonical\" href=\"https:\/\/www.soroptimisteurope.org\/nos-projets\/what-is-peace\/\" \/>\n<meta property=\"og:locale\" content=\"fr_FR\" \/>\n<meta property=\"og:type\" content=\"article\" \/>\n<meta property=\"og:title\" content=\"Qu\u2019est-ce que la paix ? - Soroptimist\" \/>\n<meta property=\"og:description\" content=\"La paix est un concept qui peut sembler tr\u00e8s abstrait aux enfants. Comment pouvons-nous la d\u00e9finir avec des mots concrets\u00a0? Peut-\u00eatre comme un \u00e9tat social de stabilit\u00e9 et d\u2019\u00e9quilibre, un [&hellip;]\" \/>\n<meta property=\"og:url\" content=\"https:\/\/www.soroptimisteurope.org\/nos-projets\/what-is-peace\/\" \/>\n<meta property=\"og:site_name\" content=\"Soroptimist\" \/>\n<meta property=\"article:modified_time\" content=\"2025-05-16T10:49:42+00:00\" \/>\n<meta property=\"og:image\" content=\"https:\/\/www.soroptimisteurope.org\/wp-content\/uploads\/2023\/12\/download4-scaled-e1701776118522.jpg\" \/>\n\t<meta property=\"og:image:width\" content=\"1920\" \/>\n\t<meta property=\"og:image:height\" content=\"2560\" \/>\n\t<meta property=\"og:image:type\" content=\"image\/jpeg\" \/>\n<meta name=\"twitter:card\" content=\"summary_large_image\" \/>\n<meta name=\"twitter:label1\" content=\"Dur\u00e9e de lecture estim\u00e9e\" \/>\n\t<meta name=\"twitter:data1\" content=\"2 minutes\" \/>\n<script type=\"application\/ld+json\" class=\"yoast-schema-graph\">{\"@context\":\"https:\\\/\\\/schema.org\",\"@graph\":[{\"@type\":\"WebPage\",\"@id\":\"https:\\\/\\\/www.soroptimisteurope.org\\\/nos-projets\\\/what-is-peace\\\/\",\"url\":\"https:\\\/\\\/www.soroptimisteurope.org\\\/nos-projets\\\/what-is-peace\\\/\",\"name\":\"Qu\u2019est-ce que la paix ? - Soroptimist\",\"isPartOf\":{\"@id\":\"https:\\\/\\\/www.soroptimisteurope.org\\\/#website\"},\"primaryImageOfPage\":{\"@id\":\"https:\\\/\\\/www.soroptimisteurope.org\\\/nos-projets\\\/what-is-peace\\\/#primaryimage\"},\"image\":{\"@id\":\"https:\\\/\\\/www.soroptimisteurope.org\\\/nos-projets\\\/what-is-peace\\\/#primaryimage\"},\"thumbnailUrl\":\"https:\\\/\\\/www.soroptimisteurope.org\\\/wp-content\\\/uploads\\\/2023\\\/12\\\/download4-scaled-e1701776118522.jpg\",\"datePublished\":\"2023-12-13T07:43:55+00:00\",\"dateModified\":\"2025-05-16T10:49:42+00:00\",\"breadcrumb\":{\"@id\":\"https:\\\/\\\/www.soroptimisteurope.org\\\/nos-projets\\\/what-is-peace\\\/#breadcrumb\"},\"inLanguage\":\"fr-FR\",\"potentialAction\":[{\"@type\":\"ReadAction\",\"target\":[\"https:\\\/\\\/www.soroptimisteurope.org\\\/nos-projets\\\/what-is-peace\\\/\"]}]},{\"@type\":\"ImageObject\",\"inLanguage\":\"fr-FR\",\"@id\":\"https:\\\/\\\/www.soroptimisteurope.org\\\/nos-projets\\\/what-is-peace\\\/#primaryimage\",\"url\":\"https:\\\/\\\/www.soroptimisteurope.org\\\/wp-content\\\/uploads\\\/2023\\\/12\\\/download4-scaled-e1701776118522.jpg\",\"contentUrl\":\"https:\\\/\\\/www.soroptimisteurope.org\\\/wp-content\\\/uploads\\\/2023\\\/12\\\/download4-scaled-e1701776118522.jpg\",\"width\":1920,\"height\":2560},{\"@type\":\"BreadcrumbList\",\"@id\":\"https:\\\/\\\/www.soroptimisteurope.org\\\/nos-projets\\\/what-is-peace\\\/#breadcrumb\",\"itemListElement\":[{\"@type\":\"ListItem\",\"position\":1,\"name\":\"Accueil\",\"item\":\"https:\\\/\\\/www.soroptimisteurope.org\\\/fr\\\/accueil\\\/\"},{\"@type\":\"ListItem\",\"position\":2,\"name\":\"Qu\u2019est-ce que la paix ?\"}]},{\"@type\":\"WebSite\",\"@id\":\"https:\\\/\\\/www.soroptimisteurope.org\\\/#website\",\"url\":\"https:\\\/\\\/www.soroptimisteurope.org\\\/\",\"name\":\"Soroptimist\",\"description\":\"\",\"potentialAction\":[{\"@type\":\"SearchAction\",\"target\":{\"@type\":\"EntryPoint\",\"urlTemplate\":\"https:\\\/\\\/www.soroptimisteurope.org\\\/?s={search_term_string}\"},\"query-input\":{\"@type\":\"PropertyValueSpecification\",\"valueRequired\":true,\"valueName\":\"search_term_string\"}}],\"inLanguage\":\"fr-FR\"}]}<\/script>\n<!-- \/ Yoast SEO plugin. -->","yoast_head_json":{"title":"Qu\u2019est-ce que la paix ? - Soroptimist","robots":{"index":"index","follow":"follow","max-snippet":"max-snippet:-1","max-image-preview":"max-image-preview:large","max-video-preview":"max-video-preview:-1"},"canonical":"https:\/\/www.soroptimisteurope.org\/nos-projets\/what-is-peace\/","og_locale":"fr_FR","og_type":"article","og_title":"Qu\u2019est-ce que la paix ? - Soroptimist","og_description":"La paix est un concept qui peut sembler tr\u00e8s abstrait aux enfants. Comment pouvons-nous la d\u00e9finir avec des mots concrets\u00a0? Peut-\u00eatre comme un \u00e9tat social de stabilit\u00e9 et d\u2019\u00e9quilibre, un [&hellip;]","og_url":"https:\/\/www.soroptimisteurope.org\/nos-projets\/what-is-peace\/","og_site_name":"Soroptimist","article_modified_time":"2025-05-16T10:49:42+00:00","og_image":[{"width":1920,"height":2560,"url":"https:\/\/www.soroptimisteurope.org\/wp-content\/uploads\/2023\/12\/download4-scaled-e1701776118522.jpg","type":"image\/jpeg"}],"twitter_card":"summary_large_image","twitter_misc":{"Dur\u00e9e de lecture estim\u00e9e":"2 minutes"},"schema":{"@context":"https:\/\/schema.org","@graph":[{"@type":"WebPage","@id":"https:\/\/www.soroptimisteurope.org\/nos-projets\/what-is-peace\/","url":"https:\/\/www.soroptimisteurope.org\/nos-projets\/what-is-peace\/","name":"Qu\u2019est-ce que la paix ? - Soroptimist","isPartOf":{"@id":"https:\/\/www.soroptimisteurope.org\/#website"},"primaryImageOfPage":{"@id":"https:\/\/www.soroptimisteurope.org\/nos-projets\/what-is-peace\/#primaryimage"},"image":{"@id":"https:\/\/www.soroptimisteurope.org\/nos-projets\/what-is-peace\/#primaryimage"},"thumbnailUrl":"https:\/\/www.soroptimisteurope.org\/wp-content\/uploads\/2023\/12\/download4-scaled-e1701776118522.jpg","datePublished":"2023-12-13T07:43:55+00:00","dateModified":"2025-05-16T10:49:42+00:00","breadcrumb":{"@id":"https:\/\/www.soroptimisteurope.org\/nos-projets\/what-is-peace\/#breadcrumb"},"inLanguage":"fr-FR","potentialAction":[{"@type":"ReadAction","target":["https:\/\/www.soroptimisteurope.org\/nos-projets\/what-is-peace\/"]}]},{"@type":"ImageObject","inLanguage":"fr-FR","@id":"https:\/\/www.soroptimisteurope.org\/nos-projets\/what-is-peace\/#primaryimage","url":"https:\/\/www.soroptimisteurope.org\/wp-content\/uploads\/2023\/12\/download4-scaled-e1701776118522.jpg","contentUrl":"https:\/\/www.soroptimisteurope.org\/wp-content\/uploads\/2023\/12\/download4-scaled-e1701776118522.jpg","width":1920,"height":2560},{"@type":"BreadcrumbList","@id":"https:\/\/www.soroptimisteurope.org\/nos-projets\/what-is-peace\/#breadcrumb","itemListElement":[{"@type":"ListItem","position":1,"name":"Accueil","item":"https:\/\/www.soroptimisteurope.org\/fr\/accueil\/"},{"@type":"ListItem","position":2,"name":"Qu\u2019est-ce que la paix ?"}]},{"@type":"WebSite","@id":"https:\/\/www.soroptimisteurope.org\/#website","url":"https:\/\/www.soroptimisteurope.org\/","name":"Soroptimist","description":"","potentialAction":[{"@type":"SearchAction","target":{"@type":"EntryPoint","urlTemplate":"https:\/\/www.soroptimisteurope.org\/?s={search_term_string}"},"query-input":{"@type":"PropertyValueSpecification","valueRequired":true,"valueName":"search_term_string"}}],"inLanguage":"fr-FR"}]}},"_links":{"self":[{"href":"https:\/\/www.soroptimisteurope.org\/fr\/wp-json\/wp\/v2\/projet\/26938","targetHints":{"allow":["GET"]}}],"collection":[{"href":"https:\/\/www.soroptimisteurope.org\/fr\/wp-json\/wp\/v2\/projet"}],"about":[{"href":"https:\/\/www.soroptimisteurope.org\/fr\/wp-json\/wp\/v2\/types\/projet"}],"version-history":[{"count":0,"href":"https:\/\/www.soroptimisteurope.org\/fr\/wp-json\/wp\/v2\/projet\/26938\/revisions"}],"wp:featuredmedia":[{"embeddable":true,"href":"https:\/\/www.soroptimisteurope.org\/fr\/wp-json\/wp\/v2\/media\/26814"}],"wp:attachment":[{"href":"https:\/\/www.soroptimisteurope.org\/fr\/wp-json\/wp\/v2\/media?parent=26938"}],"wp:term":[{"taxonomy":"category","embeddable":true,"href":"https:\/\/www.soroptimisteurope.org\/fr\/wp-json\/wp\/v2\/categories?post=26938"}],"curies":[{"name":"wp","href":"https:\/\/api.w.org\/{rel}","templated":true}]}}