{"id":54021,"date":"2026-08-26T09:13:51","date_gmt":"2026-08-26T07:13:51","guid":{"rendered":"https:\/\/www.soroptimisteurope.org\/?post_type=projet&#038;p=54021"},"modified":"2026-08-26T09:13:53","modified_gmt":"2026-08-26T07:13:53","slug":"s-o-s-support-our-sisters-pas-de-paix-sans-les-femmes","status":"publish","type":"projet","link":"https:\/\/www.soroptimisteurope.org\/fr\/nos-projets\/s-o-s-support-our-sisters-pas-de-paix-sans-les-femmes\/","title":{"rendered":"S.O.S. \u2013 Support Our Sisters : Pas de paix sans les femmes"},"content":{"rendered":"\t\t<div data-elementor-type=\"wp-post\" data-elementor-id=\"54021\" class=\"elementor elementor-54021 elementor-54009\" data-elementor-post-type=\"projet\">\n\t\t\t\t<div class=\"elementor-element elementor-element-7209647 e-flex e-con-boxed e-con e-parent\" data-id=\"7209647\" data-element_type=\"container\" data-e-type=\"container\">\n\t\t\t\t\t<div class=\"e-con-inner\">\n\t\t\t\t<div class=\"elementor-element elementor-element-3360a2c elementor-widget elementor-widget-text-editor\" data-id=\"3360a2c\" data-element_type=\"widget\" data-e-type=\"widget\" data-widget_type=\"text-editor.default\">\n\t\t\t\t<div class=\"elementor-widget-container\">\n\t\t\t\t\t\t\t\t\t<p>Sous la banni\u00e8re <strong>\u00ab S.O.S. \u2013 Support Our Sisters \u00bb<\/strong>, la campagne a sensibilis\u00e9 le public aux cons\u00e9quences d\u00e9vastatrices des guerres et des conflits sur les femmes et les filles, tout en appelant \u00e0 la pleine mise en \u0153uvre de la <span style=\"color: #0000ff;\"><strong><a style=\"color: #0000ff;\" href=\"https:\/\/www.unwomen.org\/en\/digital-library\/videos\/2015\/10\/the-story-of-resolution-1325-women-peace-and-security\">r\u00e9solution 1325 du Conseil de s\u00e9curit\u00e9 des Nations Unies sur les femmes, la paix et la s\u00e9curit\u00e9.<\/a><\/strong><\/span><\/p><p>\u00c0 travers les Pays-Bas, <strong>12 Clubs Soroptimist ont organis\u00e9 huit rassemblements locaux<\/strong>, r\u00e9unissant environ <strong>230 personnes : SI De Bilt-Bilthoven, SI Young Soroptimist Amsterdam, SI Scheveningen, SI Leiden Aurora, SI Zwolle, SI Amsterdam Centrum\/West, SI Apeldoorn, SI Amersfoort, SI Amsterdam Amstel, SI Leiden, SI Gouda et SI Amsterdam Zuid\/Amstelveen.<\/strong><\/p><p>Les Soroptimist ont observ\u00e9 des moments de silence en faveur de la paix et de la dignit\u00e9 humaine. Les rassemblements ont \u00e9galement donn\u00e9 lieu \u00e0 des lectures de po\u00e8mes, des interventions et des \u00e9changes avec des femmes ayant fui la guerre, cr\u00e9ant des espaces de dialogue et de r\u00e9flexion autour d\u2019un message fort : <strong>il n\u2019y a pas de paix sans les femmes.<\/strong> <\/p><p>La campagne a attir\u00e9 l\u2019attention sur les cons\u00e9quences particuli\u00e8res des conflits pour les femmes et les filles, du d\u00e9placement et du manque d\u2019acc\u00e8s aux soins de sant\u00e9 et aux produits de premi\u00e8re n\u00e9cessit\u00e9 aux violences sexuelles li\u00e9es aux conflits. Dans le m\u00eame temps, les femmes restent sous-repr\u00e9sent\u00e9es dans les d\u00e9cisions et n\u00e9gociations qui fa\u00e7onnent la paix et la s\u00e9curit\u00e9. <\/p><p>\u00c0 travers cette initiative, les Soroptimist du Royaume des Pays-Bas et du Suriname ont appel\u00e9 les gouvernements des Pays-Bas, d\u2019Aruba, de Cura\u00e7ao et du Suriname, ainsi que l\u2019Union europ\u00e9enne, \u00e0 soutenir activement la participation des femmes aux processus d\u00e9cisionnels en mati\u00e8re de paix et de s\u00e9curit\u00e9 et \u00e0 mettre pleinement en \u0153uvre la r\u00e9solution 1325. Cette r\u00e9solution historique reconna\u00eet \u00e0 la fois la n\u00e9cessit\u00e9 de prot\u00e9ger les femmes dans les situations de conflit et leur r\u00f4le essentiel dans la construction d\u2019une paix durable. <\/p>\t\t\t\t\t\t\t\t<\/div>\n\t\t\t\t<\/div>\n\t\t\t\t\t<\/div>\n\t\t\t\t<\/div>\n\t\t<div class=\"elementor-element elementor-element-459de53 e-flex e-con-boxed e-con e-parent\" data-id=\"459de53\" data-element_type=\"container\" data-e-type=\"container\">\n\t\t\t\t\t<div class=\"e-con-inner\">\n\t\t\t\t<div class=\"elementor-element elementor-element-ede2eaf elementor-widget elementor-widget-image\" data-id=\"ede2eaf\" data-element_type=\"widget\" data-e-type=\"widget\" data-widget_type=\"image.default\">\n\t\t\t\t<div class=\"elementor-widget-container\">\n\t\t\t\t\t\t\t\t\t\t\t\t\t\t\t<img fetchpriority=\"high\" decoding=\"async\" width=\"768\" height=\"576\" src=\"https:\/\/www.soroptimisteurope.org\/wp-content\/uploads\/2026\/08\/download-2-768x576.jpg\" class=\"attachment-medium_large size-medium_large wp-image-54019\" alt=\"\" srcset=\"https:\/\/www.soroptimisteurope.org\/wp-content\/uploads\/2026\/08\/download-2-768x576.jpg 768w, https:\/\/www.soroptimisteurope.org\/wp-content\/uploads\/2026\/08\/download-2-300x225.jpg 300w, https:\/\/www.soroptimisteurope.org\/wp-content\/uploads\/2026\/08\/download-2-1024x768.jpg 1024w, https:\/\/www.soroptimisteurope.org\/wp-content\/uploads\/2026\/08\/download-2-1536x1152.jpg 1536w, https:\/\/www.soroptimisteurope.org\/wp-content\/uploads\/2026\/08\/download-2-2048x1536.jpg 2048w\" sizes=\"(max-width: 768px) 100vw, 768px\" \/>\t\t\t\t\t\t\t\t\t\t\t\t\t\t\t<\/div>\n\t\t\t\t<\/div>\n\t\t\t\t\t<\/div>\n\t\t\t\t<\/div>\n\t\t<div class=\"elementor-element elementor-element-5f7b17e e-flex e-con-boxed e-con e-parent\" data-id=\"5f7b17e\" data-element_type=\"container\" data-e-type=\"container\">\n\t\t\t\t\t<div class=\"e-con-inner\">\n\t\t\t\t<div class=\"elementor-element elementor-element-5b894c0 elementor-widget elementor-widget-text-editor\" data-id=\"5b894c0\" data-element_type=\"widget\" data-e-type=\"widget\" data-widget_type=\"text-editor.default\">\n\t\t\t\t<div class=\"elementor-widget-container\">\n\t\t\t\t\t\t\t\t\t<p>L\u2019action de lobbying s\u2019est \u00e9galement poursuivie au-del\u00e0 des rassemblements. Une d\u00e9claration d\u00e9di\u00e9e, une vid\u00e9o de campagne et une large communication sur les r\u00e9seaux sociaux et les plateformes en ligne ont permis \u00e0 l\u2019initiative de toucher environ<strong> 1 000 personnes<\/strong>, en plus des participants aux \u00e9v\u00e9nements locaux. <\/p><p>Le projet a \u00e9galement renforc\u00e9 la collaboration entre les Clubs Soroptimist d\u2019une m\u00eame r\u00e9gion. Forte de cette premi\u00e8re mobilisation, l\u2019Union pr\u00e9voit de faire du <strong>21 septembre une date r\u00e9currente dans son calendrier Soroptimist,<\/strong> en encourageant davantage de Clubs \u00e0 organiser des actions de sensibilisation et de lobbying dans les ann\u00e9es \u00e0 venir. <\/p><p><strong>Car une paix durable exige que les femmes soient prot\u00e9g\u00e9es, entendues et pleinement repr\u00e9sent\u00e9es partout o\u00f9 se prennent les d\u00e9cisions concernant la paix.<\/strong><\/p>\t\t\t\t\t\t\t\t<\/div>\n\t\t\t\t<\/div>\n\t\t\t\t\t<\/div>\n\t\t\t\t<\/div>\n\t\t<div class=\"elementor-element elementor-element-2d8b447 e-flex e-con-boxed e-con e-parent\" data-id=\"2d8b447\" data-element_type=\"container\" data-e-type=\"container\">\n\t\t\t\t\t<div class=\"e-con-inner\">\n\t\t\t\t<div class=\"elementor-element elementor-element-cc1e198 elementor-widget-divider--view-line elementor-widget elementor-widget-divider\" data-id=\"cc1e198\" data-element_type=\"widget\" data-e-type=\"widget\" data-widget_type=\"divider.default\">\n\t\t\t\t<div class=\"elementor-widget-container\">\n\t\t\t\t\t\t\t<div class=\"elementor-divider\">\n\t\t\t<span class=\"elementor-divider-separator\">\n\t\t\t\t\t\t<\/span>\n\t\t<\/div>\n\t\t\t\t\t\t<\/div>\n\t\t\t\t<\/div>\n\t\t\t\t<div class=\"elementor-element elementor-element-d7111b8 elementor-widget elementor-widget-text-editor\" data-id=\"d7111b8\" data-element_type=\"widget\" data-e-type=\"widget\" data-widget_type=\"text-editor.default\">\n\t\t\t\t<div class=\"elementor-widget-container\">\n\t\t\t\t\t\t\t\t\t<p style=\"text-align: right;\"><strong>Bintou Ko\u00efta<\/strong><\/p><p style=\"text-align: right;\"><strong>Responsable Programme Senior (SEP)<\/strong><\/p>\t\t\t\t\t\t\t\t<\/div>\n\t\t\t\t<\/div>\n\t\t\t\t\t<\/div>\n\t\t\t\t<\/div>\n\t\t<div class=\"elementor-element elementor-element-7319eb0 e-flex e-con-boxed e-con e-parent\" data-id=\"7319eb0\" data-element_type=\"container\" data-e-type=\"container\">\n\t\t\t\t\t<div class=\"e-con-inner\">\n\t\t\t\t<div class=\"elementor-element elementor-element-340c5b4 elementor-widget__width-initial elementor-widget elementor-widget-video\" data-id=\"340c5b4\" data-element_type=\"widget\" data-e-type=\"widget\" data-settings=\"{&quot;youtube_url&quot;:&quot;https:\\\/\\\/youtu.be\\\/jl8Hp-2tLmo?si=yWTYIESW30UTjAUQ&quot;,&quot;video_type&quot;:&quot;youtube&quot;,&quot;controls&quot;:&quot;yes&quot;}\" data-widget_type=\"video.default\">\n\t\t\t\t<div class=\"elementor-widget-container\">\n\t\t\t\t\t\t\t<div class=\"elementor-wrapper elementor-open-inline\">\n\t\t\t<div class=\"elementor-video\"><\/div>\t\t<\/div>\n\t\t\t\t\t\t<\/div>\n\t\t\t\t<\/div>\n\t\t\t\t\t<\/div>\n\t\t\t\t<\/div>\n\t\t\t\t<\/div>\n\t\t","protected":false},"excerpt":{"rendered":"<p>Le 21 septembre 2025, \u00e0 l\u2019occasion de la Journ\u00e9e internationale de la paix, les Soroptimist du Royaume des Pays-Bas et du Suriname ont uni leurs forces pour appeler \u00e0 une meilleure protection des femmes et des filles dans les situations de conflit et \u00e0 leur pleine participation \u00e0 la construction de la paix.<\/p>\n","protected":false},"featured_media":54020,"template":"","categories":[127,129],"class_list":["post-54021","projet","type-projet","status-publish","has-post-thumbnail","hentry","category-eradiquer-la-violence-a-legard-des-femmes","category-nouvelles"],"acf":{"projet_autres_projets":false,"projet_clubs":false,"projet_documents":false,"projet_femmes_aidees_nombre":"","projet_galerie":false,"projet_temoignage":false,"projet_theme":false,"projet_statut":"project_in_progress","projet_localisation":{"address":"Netherlands","lat":52.132633,"lng":5.291265999999999,"zoom":14,"place_id":"ChIJu-SH28MJxkcRnwq9_851obM","country":"Netherlands","country_short":"NL"},"projet_chapeau":"","structure":"","contact_name":"","contact_email":"","projet_date_de_debut":"","projet_date_de_fin":"","projet_pays":"","external_partners":"","programme_objectives":"","the_story_of_your_project":"","summarise_your_project":"","why":"","how_did_you_implement":"","any_problems":"","how_did_you_solve":"","did_the_members":"","project_results":"","main_target":"","budget":"","how_many_people":"","how_much":"","how_many_hours":"","supporting_material":false,"have_a_nice_story":"","projet_ville":"","projet_femmes_aidees_legende":"","projet_argent recolte_montant":"","projet_argent_recolte_legende":""},"yoast_head":"<!-- This site is optimized with the Yoast SEO plugin v28.2 - https:\/\/yoast.com\/product\/yoast-seo-wordpress\/ -->\n<title>S.O.S. \u2013 Support Our Sisters : Pas de paix sans les femmes - Soroptimist<\/title>\n<meta name=\"robots\" content=\"index, follow, max-snippet:-1, max-image-preview:large, max-video-preview:-1\" \/>\n<link rel=\"canonical\" href=\"https:\/\/www.soroptimisteurope.org\/fr\/nos-projets\/s-o-s-support-our-sisters-pas-de-paix-sans-les-femmes\/\" \/>\n<meta property=\"og:locale\" content=\"fr_FR\" \/>\n<meta property=\"og:type\" content=\"article\" \/>\n<meta property=\"og:title\" content=\"S.O.S. \u2013 Support Our Sisters : Pas de paix sans les femmes - Soroptimist\" \/>\n<meta property=\"og:description\" content=\"Le 21 septembre 2025, \u00e0 l\u2019occasion de la Journ\u00e9e internationale de la paix, les Soroptimist du Royaume des Pays-Bas et du Suriname ont uni leurs forces pour appeler \u00e0 une meilleure protection des femmes et des filles dans les situations de conflit et \u00e0 leur pleine participation \u00e0 la construction de la paix.\" \/>\n<meta property=\"og:url\" content=\"https:\/\/www.soroptimisteurope.org\/fr\/nos-projets\/s-o-s-support-our-sisters-pas-de-paix-sans-les-femmes\/\" \/>\n<meta property=\"og:site_name\" content=\"Soroptimist\" \/>\n<meta property=\"article:modified_time\" content=\"2026-08-26T07:13:53+00:00\" \/>\n<meta property=\"og:image\" content=\"https:\/\/www.soroptimisteurope.org\/wp-content\/uploads\/2026\/08\/download-1-e1787210072467.jpg\" \/>\n\t<meta property=\"og:image:width\" content=\"1536\" \/>\n\t<meta property=\"og:image:height\" content=\"952\" \/>\n\t<meta property=\"og:image:type\" content=\"image\/jpeg\" \/>\n<meta name=\"twitter:card\" content=\"summary_large_image\" \/>\n<meta name=\"twitter:label1\" content=\"Dur\u00e9e de lecture estim\u00e9e\" \/>\n\t<meta name=\"twitter:data1\" content=\"1 minute\" \/>\n<script type=\"application\/ld+json\" class=\"yoast-schema-graph\">{\"@context\":\"https:\\\/\\\/schema.org\",\"@graph\":[{\"@type\":\"WebPage\",\"@id\":\"https:\\\/\\\/www.soroptimisteurope.org\\\/fr\\\/nos-projets\\\/s-o-s-support-our-sisters-pas-de-paix-sans-les-femmes\\\/\",\"url\":\"https:\\\/\\\/www.soroptimisteurope.org\\\/fr\\\/nos-projets\\\/s-o-s-support-our-sisters-pas-de-paix-sans-les-femmes\\\/\",\"name\":\"S.O.S. \u2013 Support Our Sisters : Pas de paix sans les femmes - Soroptimist\",\"isPartOf\":{\"@id\":\"https:\\\/\\\/www.soroptimisteurope.org\\\/#website\"},\"primaryImageOfPage\":{\"@id\":\"https:\\\/\\\/www.soroptimisteurope.org\\\/fr\\\/nos-projets\\\/s-o-s-support-our-sisters-pas-de-paix-sans-les-femmes\\\/#primaryimage\"},\"image\":{\"@id\":\"https:\\\/\\\/www.soroptimisteurope.org\\\/fr\\\/nos-projets\\\/s-o-s-support-our-sisters-pas-de-paix-sans-les-femmes\\\/#primaryimage\"},\"thumbnailUrl\":\"https:\\\/\\\/www.soroptimisteurope.org\\\/wp-content\\\/uploads\\\/2026\\\/08\\\/download-1-e1787210072467.jpg\",\"datePublished\":\"2026-08-26T07:13:51+00:00\",\"dateModified\":\"2026-08-26T07:13:53+00:00\",\"breadcrumb\":{\"@id\":\"https:\\\/\\\/www.soroptimisteurope.org\\\/fr\\\/nos-projets\\\/s-o-s-support-our-sisters-pas-de-paix-sans-les-femmes\\\/#breadcrumb\"},\"inLanguage\":\"fr-FR\",\"potentialAction\":[{\"@type\":\"ReadAction\",\"target\":[\"https:\\\/\\\/www.soroptimisteurope.org\\\/fr\\\/nos-projets\\\/s-o-s-support-our-sisters-pas-de-paix-sans-les-femmes\\\/\"]}]},{\"@type\":\"ImageObject\",\"inLanguage\":\"fr-FR\",\"@id\":\"https:\\\/\\\/www.soroptimisteurope.org\\\/fr\\\/nos-projets\\\/s-o-s-support-our-sisters-pas-de-paix-sans-les-femmes\\\/#primaryimage\",\"url\":\"https:\\\/\\\/www.soroptimisteurope.org\\\/wp-content\\\/uploads\\\/2026\\\/08\\\/download-1-e1787210072467.jpg\",\"contentUrl\":\"https:\\\/\\\/www.soroptimisteurope.org\\\/wp-content\\\/uploads\\\/2026\\\/08\\\/download-1-e1787210072467.jpg\",\"width\":1536,\"height\":952},{\"@type\":\"BreadcrumbList\",\"@id\":\"https:\\\/\\\/www.soroptimisteurope.org\\\/fr\\\/nos-projets\\\/s-o-s-support-our-sisters-pas-de-paix-sans-les-femmes\\\/#breadcrumb\",\"itemListElement\":[{\"@type\":\"ListItem\",\"position\":1,\"name\":\"Accueil\",\"item\":\"https:\\\/\\\/www.soroptimisteurope.org\\\/fr\\\/accueil\\\/\"},{\"@type\":\"ListItem\",\"position\":2,\"name\":\"S.O.S. \u2013 Support Our Sisters : Pas de paix sans les femmes\"}]},{\"@type\":\"WebSite\",\"@id\":\"https:\\\/\\\/www.soroptimisteurope.org\\\/#website\",\"url\":\"https:\\\/\\\/www.soroptimisteurope.org\\\/\",\"name\":\"Soroptimist\",\"description\":\"\",\"potentialAction\":[{\"@type\":\"SearchAction\",\"target\":{\"@type\":\"EntryPoint\",\"urlTemplate\":\"https:\\\/\\\/www.soroptimisteurope.org\\\/?s={search_term_string}\"},\"query-input\":{\"@type\":\"PropertyValueSpecification\",\"valueRequired\":true,\"valueName\":\"search_term_string\"}}],\"inLanguage\":\"fr-FR\"}]}<\/script>\n<!-- \/ Yoast SEO plugin. -->","yoast_head_json":{"title":"S.O.S. \u2013 Support Our Sisters : Pas de paix sans les femmes - Soroptimist","robots":{"index":"index","follow":"follow","max-snippet":"max-snippet:-1","max-image-preview":"max-image-preview:large","max-video-preview":"max-video-preview:-1"},"canonical":"https:\/\/www.soroptimisteurope.org\/fr\/nos-projets\/s-o-s-support-our-sisters-pas-de-paix-sans-les-femmes\/","og_locale":"fr_FR","og_type":"article","og_title":"S.O.S. \u2013 Support Our Sisters : Pas de paix sans les femmes - Soroptimist","og_description":"Le 21 septembre 2025, \u00e0 l\u2019occasion de la Journ\u00e9e internationale de la paix, les Soroptimist du Royaume des Pays-Bas et du Suriname ont uni leurs forces pour appeler \u00e0 une meilleure protection des femmes et des filles dans les situations de conflit et \u00e0 leur pleine participation \u00e0 la construction de la paix.","og_url":"https:\/\/www.soroptimisteurope.org\/fr\/nos-projets\/s-o-s-support-our-sisters-pas-de-paix-sans-les-femmes\/","og_site_name":"Soroptimist","article_modified_time":"2026-08-26T07:13:53+00:00","og_image":[{"width":1536,"height":952,"url":"https:\/\/www.soroptimisteurope.org\/wp-content\/uploads\/2026\/08\/download-1-e1787210072467.jpg","type":"image\/jpeg"}],"twitter_card":"summary_large_image","twitter_misc":{"Dur\u00e9e de lecture estim\u00e9e":"1 minute"},"schema":{"@context":"https:\/\/schema.org","@graph":[{"@type":"WebPage","@id":"https:\/\/www.soroptimisteurope.org\/fr\/nos-projets\/s-o-s-support-our-sisters-pas-de-paix-sans-les-femmes\/","url":"https:\/\/www.soroptimisteurope.org\/fr\/nos-projets\/s-o-s-support-our-sisters-pas-de-paix-sans-les-femmes\/","name":"S.O.S. \u2013 Support Our Sisters : Pas de paix sans les femmes - Soroptimist","isPartOf":{"@id":"https:\/\/www.soroptimisteurope.org\/#website"},"primaryImageOfPage":{"@id":"https:\/\/www.soroptimisteurope.org\/fr\/nos-projets\/s-o-s-support-our-sisters-pas-de-paix-sans-les-femmes\/#primaryimage"},"image":{"@id":"https:\/\/www.soroptimisteurope.org\/fr\/nos-projets\/s-o-s-support-our-sisters-pas-de-paix-sans-les-femmes\/#primaryimage"},"thumbnailUrl":"https:\/\/www.soroptimisteurope.org\/wp-content\/uploads\/2026\/08\/download-1-e1787210072467.jpg","datePublished":"2026-08-26T07:13:51+00:00","dateModified":"2026-08-26T07:13:53+00:00","breadcrumb":{"@id":"https:\/\/www.soroptimisteurope.org\/fr\/nos-projets\/s-o-s-support-our-sisters-pas-de-paix-sans-les-femmes\/#breadcrumb"},"inLanguage":"fr-FR","potentialAction":[{"@type":"ReadAction","target":["https:\/\/www.soroptimisteurope.org\/fr\/nos-projets\/s-o-s-support-our-sisters-pas-de-paix-sans-les-femmes\/"]}]},{"@type":"ImageObject","inLanguage":"fr-FR","@id":"https:\/\/www.soroptimisteurope.org\/fr\/nos-projets\/s-o-s-support-our-sisters-pas-de-paix-sans-les-femmes\/#primaryimage","url":"https:\/\/www.soroptimisteurope.org\/wp-content\/uploads\/2026\/08\/download-1-e1787210072467.jpg","contentUrl":"https:\/\/www.soroptimisteurope.org\/wp-content\/uploads\/2026\/08\/download-1-e1787210072467.jpg","width":1536,"height":952},{"@type":"BreadcrumbList","@id":"https:\/\/www.soroptimisteurope.org\/fr\/nos-projets\/s-o-s-support-our-sisters-pas-de-paix-sans-les-femmes\/#breadcrumb","itemListElement":[{"@type":"ListItem","position":1,"name":"Accueil","item":"https:\/\/www.soroptimisteurope.org\/fr\/accueil\/"},{"@type":"ListItem","position":2,"name":"S.O.S. \u2013 Support Our Sisters : Pas de paix sans les femmes"}]},{"@type":"WebSite","@id":"https:\/\/www.soroptimisteurope.org\/#website","url":"https:\/\/www.soroptimisteurope.org\/","name":"Soroptimist","description":"","potentialAction":[{"@type":"SearchAction","target":{"@type":"EntryPoint","urlTemplate":"https:\/\/www.soroptimisteurope.org\/?s={search_term_string}"},"query-input":{"@type":"PropertyValueSpecification","valueRequired":true,"valueName":"search_term_string"}}],"inLanguage":"fr-FR"}]}},"_links":{"self":[{"href":"https:\/\/www.soroptimisteurope.org\/fr\/wp-json\/wp\/v2\/projet\/54021","targetHints":{"allow":["GET"]}}],"collection":[{"href":"https:\/\/www.soroptimisteurope.org\/fr\/wp-json\/wp\/v2\/projet"}],"about":[{"href":"https:\/\/www.soroptimisteurope.org\/fr\/wp-json\/wp\/v2\/types\/projet"}],"version-history":[{"count":1,"href":"https:\/\/www.soroptimisteurope.org\/fr\/wp-json\/wp\/v2\/projet\/54021\/revisions"}],"predecessor-version":[{"id":54022,"href":"https:\/\/www.soroptimisteurope.org\/fr\/wp-json\/wp\/v2\/projet\/54021\/revisions\/54022"}],"wp:featuredmedia":[{"embeddable":true,"href":"https:\/\/www.soroptimisteurope.org\/fr\/wp-json\/wp\/v2\/media\/54020"}],"wp:attachment":[{"href":"https:\/\/www.soroptimisteurope.org\/fr\/wp-json\/wp\/v2\/media?parent=54021"}],"wp:term":[{"taxonomy":"category","embeddable":true,"href":"https:\/\/www.soroptimisteurope.org\/fr\/wp-json\/wp\/v2\/categories?post=54021"}],"curies":[{"name":"wp","href":"https:\/\/api.w.org\/{rel}","templated":true}]}}